{"id":175,"date":"2023-05-10T22:10:34","date_gmt":"2023-05-10T20:10:34","guid":{"rendered":"https:\/\/lesvillasduportdelaguittiere.wordpress.com\/?page_id=105"},"modified":"2023-06-28T14:03:00","modified_gmt":"2023-06-28T12:03:00","slug":"la-vendee-terre-daventure","status":"publish","type":"page","link":"https:\/\/villas-du-port-de-la-guittiere.com\/index.php\/la-vendee-terre-daventure\/","title":{"rendered":"A voir\/\u00e0 faire"},"content":{"rendered":"\n<div class=\"wp-block-nk-awb nk-awb alignfull nk-awb-Z1SwNrP\" data-ghostkit-styles=\".nk-awb-Z1SwNrP { padding-left: 0px; padding-right: 0px; margin-left: 0px; margin-right: 0px; }\"><div class=\"nk-awb-wrap\" data-awb-type=\"image\" data-awb-parallax=\"scroll-opacity\" data-awb-parallax-speed=\"0.5\" data-awb-parallax-mobile=\"false\" data-awb-image-background-size=\"fill\" data-awb-image-background-position=\"53% 49%\"><div class=\"nk-awb-inner\" style=\"opacity: 0.25;\"><img decoding=\"async\" loading=\"lazy\" src=\"https:\/\/villas-du-port-de-la-guittiere.com\/wp-content\/uploads\/2023\/06\/Design-sans-titre-2.png\" class=\"wp-image-1021 jarallax-img\" width=\"1080\" height=\"1920\" srcset=\"https:\/\/villas-du-port-de-la-guittiere.com\/wp-content\/uploads\/2023\/06\/Design-sans-titre-2.png 1080w, https:\/\/villas-du-port-de-la-guittiere.com\/wp-content\/uploads\/2023\/06\/Design-sans-titre-2-169x300.png 169w, https:\/\/villas-du-port-de-la-guittiere.com\/wp-content\/uploads\/2023\/06\/Design-sans-titre-2-900x1600.png 900w, https:\/\/villas-du-port-de-la-guittiere.com\/wp-content\/uploads\/2023\/06\/Design-sans-titre-2-768x1365.png 768w, https:\/\/villas-du-port-de-la-guittiere.com\/wp-content\/uploads\/2023\/06\/Design-sans-titre-2-500x889.png 500w, https:\/\/villas-du-port-de-la-guittiere.com\/wp-content\/uploads\/2023\/06\/Design-sans-titre-2-864x1536.png 864w, https:\/\/villas-du-port-de-la-guittiere.com\/wp-content\/uploads\/2023\/06\/Design-sans-titre-2-800x1422.png 800w\" sizes=\"(max-width: 1080px) 100vw, 1080px\" \/><\/div><\/div><div class=\"nk-awb-wrap-content is-layout-constrained\">\n<div class=\"wp-block-group is-layout-constrained\">\n<div style=\"height:100px\" aria-hidden=\"true\" class=\"wp-block-spacer\"><\/div>\n\n\n\n<h1 class=\"wp-block-heading has-text-align-center\">La Vend\u00e9e, terre d&rsquo;aventure<\/h1>\n\n\n\n<div class=\"inherit-container-width wp-block-group alignwide is-style-default is-layout-constrained\" style=\"padding-top:0px;padding-right:0px;padding-bottom:0px;padding-left:0px\">\n<div style=\"height:18px\" aria-hidden=\"true\" class=\"wp-block-spacer\"><\/div>\n\n\n\n<hr class=\"wp-block-separator has-alpha-channel-opacity\"\/>\n\n\n\n<div style=\"height:16px\" aria-hidden=\"true\" class=\"wp-block-spacer\"><\/div>\n\n\n\n<div class=\"wp-block-columns alignwide is-layout-flex wp-container-3\">\n<div class=\"wp-block-column has-border-color has-ast-global-color-3-border-color has-background is-layout-flow\" style=\"border-width:1px;background-color:#cedff240;padding-top:1%;padding-right:1%;padding-bottom:1%;padding-left:1%;flex-basis:50%\">\n<p class=\"has-primary-color has-text-color\"><mark style=\"background-color:var(--ast-global-color-4)\" class=\"has-inline-color has-ast-global-color-5-color\">A moins de 2 km<\/mark><\/p>\n\n\n\n<h2 class=\"wp-block-heading has-huge-font-size\" style=\"line-height:1.2\">Les ostr\u00e9iculteurs <\/h2>\n\n\n\n<p style=\"font-size:18px\">Le m\u00e9lange d&rsquo;eaux douces et d&rsquo;eaux sal\u00e9es de l&rsquo;estuaire du Payr\u00e9 est propice \u00e0 la culture des huitres qui y trouvent des \u00e9l\u00e9ments nutritifs de qualit\u00e9. 17 ostr\u00e9iculteurs produisent sur ce site des huitres labellis\u00e9es \u00ab\u00a0Vend\u00e9e Atlantique\u00a0\u00bb. Les visiteurs pourront d\u00e9couvrir et d\u00e9guster leur production dans leurs petites cabanes align\u00e9es dans la rue du port.<\/p>\n<\/div>\n\n\n\n<div class=\"wp-block-column is-layout-flow\" style=\"flex-basis:50%\">\n<figure class=\"wp-block-image alignfull size-full is-style-default\"><img decoding=\"async\" loading=\"lazy\" width=\"750\" height=\"562\" src=\"https:\/\/villas-du-port-de-la-guittiere.com\/wp-content\/uploads\/2023\/06\/667ef7f7-0db6-437e-ad7f-f624118aaccf.webp\" alt=\"\" class=\"wp-image-746\" srcset=\"https:\/\/villas-du-port-de-la-guittiere.com\/wp-content\/uploads\/2023\/06\/667ef7f7-0db6-437e-ad7f-f624118aaccf.webp 750w, https:\/\/villas-du-port-de-la-guittiere.com\/wp-content\/uploads\/2023\/06\/667ef7f7-0db6-437e-ad7f-f624118aaccf-300x225.webp 300w, https:\/\/villas-du-port-de-la-guittiere.com\/wp-content\/uploads\/2023\/06\/667ef7f7-0db6-437e-ad7f-f624118aaccf-500x375.webp 500w\" sizes=\"(max-width: 750px) 100vw, 750px\" \/><\/figure>\n<\/div>\n<\/div>\n\n\n\n<div class=\"wp-block-columns alignwide inverse is-layout-flex wp-container-7\">\n<div class=\"wp-block-column is-layout-flow\" style=\"flex-basis:50%\">\n<figure class=\"wp-duotone-060f29-f2f2f2-4 wp-block-image size-full is-style-default\"><img decoding=\"async\" loading=\"lazy\" width=\"1024\" height=\"768\" src=\"https:\/\/villas-du-port-de-la-guittiere.com\/wp-content\/uploads\/2023\/06\/img_0399.webp\" alt=\"\" class=\"wp-image-748\" srcset=\"https:\/\/villas-du-port-de-la-guittiere.com\/wp-content\/uploads\/2023\/06\/img_0399.webp 1024w, https:\/\/villas-du-port-de-la-guittiere.com\/wp-content\/uploads\/2023\/06\/img_0399-300x225.webp 300w, https:\/\/villas-du-port-de-la-guittiere.com\/wp-content\/uploads\/2023\/06\/img_0399-768x576.webp 768w, https:\/\/villas-du-port-de-la-guittiere.com\/wp-content\/uploads\/2023\/06\/img_0399-500x375.webp 500w, https:\/\/villas-du-port-de-la-guittiere.com\/wp-content\/uploads\/2023\/06\/img_0399-800x600.webp 800w\" sizes=\"(max-width: 1024px) 100vw, 1024px\" \/><\/figure>\n<\/div>\n\n\n\n<div class=\"wp-block-column has-border-color has-ast-global-color-3-border-color has-background is-layout-flow\" style=\"border-width:1px;background-color:#cedff240;padding-top:1%;padding-right:1%;padding-bottom:1%;padding-left:1%;flex-basis:50%\">\n<h2 class=\"wp-block-heading has-huge-font-size\" style=\"line-height:1.2\">Ballades en v\u00e9lo<\/h2>\n\n\n\n<p style=\"font-size:18px\">&nbsp;Commencez dans les marais, passez dans la foret et finissez en bord de mer\u2026 210 km de piste cyclable n&rsquo;attendent que vous. <\/p>\n<\/div>\n<\/div>\n\n\n\n<div class=\"wp-block-columns alignwide is-layout-flex wp-container-10\">\n<div class=\"wp-block-column has-border-color has-ast-global-color-3-border-color has-background is-layout-flow\" style=\"border-width:1px;background-color:#cedff240;padding-top:1%;padding-right:1%;padding-bottom:1%;padding-left:1%;flex-basis:50%\">\n<h2 class=\"wp-block-heading has-huge-font-size\" style=\"line-height:1.2\">Baignades au chenal<\/h2>\n\n\n\n<p style=\"font-size:18px\">Ce n&rsquo;est pas encore la mer mais la beaut\u00e9 des paysages, la plage de sable, \u00e0 l&rsquo;ombre des pins parasols, sauront vous conqu\u00e9rir. <\/p>\n<\/div>\n\n\n\n<div class=\"wp-block-column is-layout-flow\" style=\"flex-basis:50%\">\n<figure class=\"wp-block-image size-full is-style-default\"><img decoding=\"async\" loading=\"lazy\" width=\"1440\" height=\"1080\" src=\"https:\/\/villas-du-port-de-la-guittiere.com\/wp-content\/uploads\/2023\/06\/2c783518-248c-4392-b4f2-11584f050124-edited.webp\" alt=\"\" class=\"wp-image-753\" srcset=\"https:\/\/villas-du-port-de-la-guittiere.com\/wp-content\/uploads\/2023\/06\/2c783518-248c-4392-b4f2-11584f050124-edited.webp 1440w, https:\/\/villas-du-port-de-la-guittiere.com\/wp-content\/uploads\/2023\/06\/2c783518-248c-4392-b4f2-11584f050124-edited-300x225.webp 300w, https:\/\/villas-du-port-de-la-guittiere.com\/wp-content\/uploads\/2023\/06\/2c783518-248c-4392-b4f2-11584f050124-edited-768x576.webp 768w, https:\/\/villas-du-port-de-la-guittiere.com\/wp-content\/uploads\/2023\/06\/2c783518-248c-4392-b4f2-11584f050124-edited-500x375.webp 500w, https:\/\/villas-du-port-de-la-guittiere.com\/wp-content\/uploads\/2023\/06\/2c783518-248c-4392-b4f2-11584f050124-edited-800x600.webp 800w, https:\/\/villas-du-port-de-la-guittiere.com\/wp-content\/uploads\/2023\/06\/2c783518-248c-4392-b4f2-11584f050124-edited-1280x960.webp 1280w\" sizes=\"(max-width: 1440px) 100vw, 1440px\" \/><\/figure>\n<\/div>\n<\/div>\n\n\n\n<div style=\"height:40px\" aria-hidden=\"true\" class=\"wp-block-spacer\"><\/div>\n\n\n\n<hr class=\"wp-block-separator has-alpha-channel-opacity\"\/>\n\n\n\n<div style=\"height:37px\" aria-hidden=\"true\" class=\"wp-block-spacer\"><\/div>\n\n\n\n<div class=\"wp-block-columns alignwide is-layout-flex wp-container-15\">\n<div class=\"wp-block-column has-border-color has-ast-global-color-3-border-color has-background is-layout-flow\" style=\"border-width:1px;background-color:#cedff240;padding-top:1%;padding-right:1%;padding-bottom:1%;padding-left:1%;flex-basis:50%\">\n<p class=\"has-primary-color has-text-color\"><mark style=\"background-color:var(--ast-global-color-4)\" class=\"has-inline-color has-ast-global-color-5-color\">A moins d&rsquo;une heure<\/mark><\/p>\n\n\n\n<h2 class=\"wp-block-heading has-huge-font-size\" style=\"line-height:1.2\">Les plages<\/h2>\n\n\n\n<p style=\"font-size:18px\">Du Veillon, de la Mine, des Sables d&rsquo;Olonnes, familiales, secr\u00e8tes, immenses, il y en a pour tous les gouts. Avec un taux d&rsquo;ensoleillement record, vous d\u00e9couvrirez pourquoi la c\u00f4te vend\u00e9enne est appel\u00e9e c\u00f4te de lumi\u00e8re.  <\/p>\n<\/div>\n\n\n\n<div class=\"wp-block-column is-layout-flow\" style=\"flex-basis:50%\">\n<figure class=\"wp-block-gallery has-nested-images columns-default is-cropped wp-block-gallery-12 is-layout-flex\">\n<figure class=\"wp-block-image size-full\"><a href=\"https:\/\/villas-du-port-de-la-guittiere.com\/wp-content\/uploads\/2023\/06\/foret-de-jard-sur-mer-credit-destination-vendee-grand-littoral-1.webp\"><img decoding=\"async\" loading=\"lazy\" width=\"1024\" height=\"767\" src=\"https:\/\/villas-du-port-de-la-guittiere.com\/wp-content\/uploads\/2023\/06\/foret-de-jard-sur-mer-credit-destination-vendee-grand-littoral-1.webp\" alt=\"\" class=\"wp-image-755\" srcset=\"https:\/\/villas-du-port-de-la-guittiere.com\/wp-content\/uploads\/2023\/06\/foret-de-jard-sur-mer-credit-destination-vendee-grand-littoral-1.webp 1024w, https:\/\/villas-du-port-de-la-guittiere.com\/wp-content\/uploads\/2023\/06\/foret-de-jard-sur-mer-credit-destination-vendee-grand-littoral-1-300x225.webp 300w, https:\/\/villas-du-port-de-la-guittiere.com\/wp-content\/uploads\/2023\/06\/foret-de-jard-sur-mer-credit-destination-vendee-grand-littoral-1-768x575.webp 768w, https:\/\/villas-du-port-de-la-guittiere.com\/wp-content\/uploads\/2023\/06\/foret-de-jard-sur-mer-credit-destination-vendee-grand-littoral-1-500x375.webp 500w, https:\/\/villas-du-port-de-la-guittiere.com\/wp-content\/uploads\/2023\/06\/foret-de-jard-sur-mer-credit-destination-vendee-grand-littoral-1-800x599.webp 800w\" sizes=\"(max-width: 1024px) 100vw, 1024px\" \/><\/a><\/figure>\n\n\n\n<figure class=\"wp-block-image size-large\"><a href=\"https:\/\/villas-du-port-de-la-guittiere.com\/wp-content\/uploads\/2023\/06\/jard-sur-mer_plage-mine-17-e1520337141219-scaled.webp\"><img decoding=\"async\" loading=\"lazy\" width=\"1600\" height=\"976\" src=\"https:\/\/villas-du-port-de-la-guittiere.com\/wp-content\/uploads\/2023\/06\/jard-sur-mer_plage-mine-17-e1520337141219-1600x976.webp\" alt=\"\" class=\"wp-image-757\" srcset=\"https:\/\/villas-du-port-de-la-guittiere.com\/wp-content\/uploads\/2023\/06\/jard-sur-mer_plage-mine-17-e1520337141219-1600x976.webp 1600w, https:\/\/villas-du-port-de-la-guittiere.com\/wp-content\/uploads\/2023\/06\/jard-sur-mer_plage-mine-17-e1520337141219-300x183.webp 300w, https:\/\/villas-du-port-de-la-guittiere.com\/wp-content\/uploads\/2023\/06\/jard-sur-mer_plage-mine-17-e1520337141219-768x468.webp 768w, https:\/\/villas-du-port-de-la-guittiere.com\/wp-content\/uploads\/2023\/06\/jard-sur-mer_plage-mine-17-e1520337141219-500x305.webp 500w, https:\/\/villas-du-port-de-la-guittiere.com\/wp-content\/uploads\/2023\/06\/jard-sur-mer_plage-mine-17-e1520337141219-1536x937.webp 1536w, https:\/\/villas-du-port-de-la-guittiere.com\/wp-content\/uploads\/2023\/06\/jard-sur-mer_plage-mine-17-e1520337141219-2048x1249.webp 2048w, https:\/\/villas-du-port-de-la-guittiere.com\/wp-content\/uploads\/2023\/06\/jard-sur-mer_plage-mine-17-e1520337141219-800x488.webp 800w, https:\/\/villas-du-port-de-la-guittiere.com\/wp-content\/uploads\/2023\/06\/jard-sur-mer_plage-mine-17-e1520337141219-1280x781.webp 1280w, https:\/\/villas-du-port-de-la-guittiere.com\/wp-content\/uploads\/2023\/06\/jard-sur-mer_plage-mine-17-e1520337141219-1920x1171.webp 1920w\" sizes=\"(max-width: 1600px) 100vw, 1600px\" \/><\/a><\/figure>\n\n\n\n<figure class=\"wp-block-image size-full\"><a href=\"https:\/\/villas-du-port-de-la-guittiere.com\/wp-content\/uploads\/2023\/06\/plage2.webp\"><img decoding=\"async\" loading=\"lazy\" width=\"1280\" height=\"853\" src=\"https:\/\/villas-du-port-de-la-guittiere.com\/wp-content\/uploads\/2023\/06\/plage2.webp\" alt=\"\" class=\"wp-image-758\" srcset=\"https:\/\/villas-du-port-de-la-guittiere.com\/wp-content\/uploads\/2023\/06\/plage2.webp 1280w, https:\/\/villas-du-port-de-la-guittiere.com\/wp-content\/uploads\/2023\/06\/plage2-300x200.webp 300w, https:\/\/villas-du-port-de-la-guittiere.com\/wp-content\/uploads\/2023\/06\/plage2-768x512.webp 768w, https:\/\/villas-du-port-de-la-guittiere.com\/wp-content\/uploads\/2023\/06\/plage2-500x333.webp 500w, https:\/\/villas-du-port-de-la-guittiere.com\/wp-content\/uploads\/2023\/06\/plage2-800x533.webp 800w\" sizes=\"(max-width: 1280px) 100vw, 1280px\" \/><\/a><\/figure>\n\n\n\n<figure class=\"wp-block-image size-full is-style-default\"><a href=\"https:\/\/villas-du-port-de-la-guittiere.com\/wp-content\/uploads\/2023\/06\/veillon01.webp\"><img decoding=\"async\" loading=\"lazy\" width=\"1010\" height=\"742\" src=\"https:\/\/villas-du-port-de-la-guittiere.com\/wp-content\/uploads\/2023\/06\/veillon01.webp\" alt=\"\" class=\"wp-image-759\" srcset=\"https:\/\/villas-du-port-de-la-guittiere.com\/wp-content\/uploads\/2023\/06\/veillon01.webp 1010w, https:\/\/villas-du-port-de-la-guittiere.com\/wp-content\/uploads\/2023\/06\/veillon01-300x220.webp 300w, https:\/\/villas-du-port-de-la-guittiere.com\/wp-content\/uploads\/2023\/06\/veillon01-768x564.webp 768w, https:\/\/villas-du-port-de-la-guittiere.com\/wp-content\/uploads\/2023\/06\/veillon01-500x367.webp 500w, https:\/\/villas-du-port-de-la-guittiere.com\/wp-content\/uploads\/2023\/06\/veillon01-800x588.webp 800w\" sizes=\"(max-width: 1010px) 100vw, 1010px\" \/><\/a><\/figure>\n<\/figure>\n<\/div>\n<\/div>\n\n\n\n<div class=\"wp-block-columns alignwide inverse is-layout-flex wp-container-20\">\n<div class=\"wp-block-column is-layout-flow\" style=\"flex-basis:50%\">\n<div class=\"wp-block-jetpack-slideshow aligncenter\" data-effect=\"slide\"><div class=\"wp-block-jetpack-slideshow_container swiper-container\"><ul class=\"wp-block-jetpack-slideshow_swiper-wrapper swiper-wrapper\"><li class=\"wp-block-jetpack-slideshow_slide swiper-slide\"><figure><img decoding=\"async\" loading=\"lazy\" width=\"1200\" height=\"735\" alt=\"\" class=\"wp-block-jetpack-slideshow_image wp-image-763\" data-id=\"763\" src=\"https:\/\/villas-du-port-de-la-guittiere.com\/wp-content\/uploads\/2023\/06\/parcours-des-pirates-1.jpg\" srcset=\"https:\/\/villas-du-port-de-la-guittiere.com\/wp-content\/uploads\/2023\/06\/parcours-des-pirates-1.jpg 1200w, https:\/\/villas-du-port-de-la-guittiere.com\/wp-content\/uploads\/2023\/06\/parcours-des-pirates-1-300x184.jpg 300w, https:\/\/villas-du-port-de-la-guittiere.com\/wp-content\/uploads\/2023\/06\/parcours-des-pirates-1-768x470.jpg 768w, https:\/\/villas-du-port-de-la-guittiere.com\/wp-content\/uploads\/2023\/06\/parcours-des-pirates-1-500x306.jpg 500w, https:\/\/villas-du-port-de-la-guittiere.com\/wp-content\/uploads\/2023\/06\/parcours-des-pirates-1-800x490.jpg 800w\" sizes=\"(max-width: 1200px) 100vw, 1200px\" \/><\/figure><\/li><li class=\"wp-block-jetpack-slideshow_slide swiper-slide\"><figure><img decoding=\"async\" loading=\"lazy\" width=\"1920\" height=\"900\" alt=\"\" class=\"wp-block-jetpack-slideshow_image wp-image-762\" data-id=\"762\" src=\"https:\/\/villas-du-port-de-la-guittiere.com\/wp-content\/uploads\/2023\/06\/o-gliss-park-1.jpg\" srcset=\"https:\/\/villas-du-port-de-la-guittiere.com\/wp-content\/uploads\/2023\/06\/o-gliss-park-1.jpg 1920w, https:\/\/villas-du-port-de-la-guittiere.com\/wp-content\/uploads\/2023\/06\/o-gliss-park-1-300x141.jpg 300w, https:\/\/villas-du-port-de-la-guittiere.com\/wp-content\/uploads\/2023\/06\/o-gliss-park-1-1600x750.jpg 1600w, https:\/\/villas-du-port-de-la-guittiere.com\/wp-content\/uploads\/2023\/06\/o-gliss-park-1-768x360.jpg 768w, https:\/\/villas-du-port-de-la-guittiere.com\/wp-content\/uploads\/2023\/06\/o-gliss-park-1-500x234.jpg 500w, https:\/\/villas-du-port-de-la-guittiere.com\/wp-content\/uploads\/2023\/06\/o-gliss-park-1-1536x720.jpg 1536w, https:\/\/villas-du-port-de-la-guittiere.com\/wp-content\/uploads\/2023\/06\/o-gliss-park-1-800x375.jpg 800w, https:\/\/villas-du-port-de-la-guittiere.com\/wp-content\/uploads\/2023\/06\/o-gliss-park-1-1280x600.jpg 1280w\" sizes=\"(max-width: 1920px) 100vw, 1920px\" \/><\/figure><\/li><li class=\"wp-block-jetpack-slideshow_slide swiper-slide\"><figure><img decoding=\"async\" loading=\"lazy\" width=\"500\" height=\"281\" alt=\"\" class=\"wp-block-jetpack-slideshow_image wp-image-761\" data-id=\"761\" src=\"https:\/\/villas-du-port-de-la-guittiere.com\/wp-content\/uploads\/2023\/06\/2022-05-07-1.png\" srcset=\"https:\/\/villas-du-port-de-la-guittiere.com\/wp-content\/uploads\/2023\/06\/2022-05-07-1.png 500w, https:\/\/villas-du-port-de-la-guittiere.com\/wp-content\/uploads\/2023\/06\/2022-05-07-1-300x169.png 300w\" sizes=\"(max-width: 500px) 100vw, 500px\" \/><\/figure><\/li><\/ul><a class=\"wp-block-jetpack-slideshow_button-prev swiper-button-prev swiper-button-white\" role=\"button\"><\/a><a class=\"wp-block-jetpack-slideshow_button-next swiper-button-next swiper-button-white\" role=\"button\"><\/a><a aria-label=\"Pause Slideshow\" class=\"wp-block-jetpack-slideshow_button-pause\" role=\"button\"><\/a><div class=\"wp-block-jetpack-slideshow_pagination swiper-pagination swiper-pagination-white\"><\/div><\/div><\/div>\n\n\n<\/div>\n\n\n\n<div class=\"wp-block-column has-border-color has-ast-global-color-3-border-color has-background is-layout-flow\" style=\"border-width:1px;background-color:#cedff240;padding-top:1%;padding-right:1%;padding-bottom:1%;padding-left:1%;flex-basis:50%\">\n<h2 class=\"wp-block-heading has-huge-font-size\" style=\"line-height:1.2\">Les parcs d&rsquo;attraction<\/h2>\n\n\n\n<p style=\"font-size:18px\">A travers cette liste non exhaustive vous trouverez les principaux parcs \u00e0 moins d&rsquo;une heure des villas.<\/p>\n\n\n\n<ul>\n<li><a href=\"https:\/\/chateau-aventuriers.com\/\" target=\"_blank\" rel=\"noreferrer noopener\">Chateau des aventuriers<\/a><\/li>\n\n\n\n<li><a href=\"https:\/\/oglisspark.fr\/\" target=\"_blank\" rel=\"noreferrer noopener\">O&rsquo;Gliss Park<\/a><\/li>\n\n\n\n<li><a href=\"https:\/\/ofunpark.fr\/\" target=\"_blank\" rel=\"noreferrer noopener\">O&rsquo;Fun Park<\/a><\/li>\n<\/ul>\n<\/div>\n<\/div>\n<\/div>\n<\/div>\n<\/div><\/div>\n","protected":false},"excerpt":{"rendered":"","protected":false},"author":1,"featured_media":0,"parent":0,"menu_order":4,"comment_status":"closed","ping_status":"closed","template":"","meta":{"ub_ctt_via":"","site-sidebar-layout":"default","site-content-layout":"default","ast-global-header-display":"","ast-banner-title-visibility":"","ast-main-header-display":"","ast-hfb-above-header-display":"","ast-hfb-below-header-display":"","ast-hfb-mobile-header-display":"","site-post-title":"","ast-breadcrumbs-content":"","ast-featured-img":"","footer-sml-layout":"","theme-transparent-header-meta":"default","adv-header-id-meta":"","stick-header-meta":"","header-above-stick-meta":"","header-main-stick-meta":"","header-below-stick-meta":"","jetpack_post_was_ever_published":false},"featured_image_src":null,"jetpack_sharing_enabled":true,"jetpack_shortlink":"https:\/\/wp.me\/P9TMKQ-2P","_links":{"self":[{"href":"https:\/\/villas-du-port-de-la-guittiere.com\/index.php\/wp-json\/wp\/v2\/pages\/175"}],"collection":[{"href":"https:\/\/villas-du-port-de-la-guittiere.com\/index.php\/wp-json\/wp\/v2\/pages"}],"about":[{"href":"https:\/\/villas-du-port-de-la-guittiere.com\/index.php\/wp-json\/wp\/v2\/types\/page"}],"author":[{"embeddable":true,"href":"https:\/\/villas-du-port-de-la-guittiere.com\/index.php\/wp-json\/wp\/v2\/users\/1"}],"replies":[{"embeddable":true,"href":"https:\/\/villas-du-port-de-la-guittiere.com\/index.php\/wp-json\/wp\/v2\/comments?post=175"}],"version-history":[{"count":36,"href":"https:\/\/villas-du-port-de-la-guittiere.com\/index.php\/wp-json\/wp\/v2\/pages\/175\/revisions"}],"predecessor-version":[{"id":1087,"href":"https:\/\/villas-du-port-de-la-guittiere.com\/index.php\/wp-json\/wp\/v2\/pages\/175\/revisions\/1087"}],"wp:attachment":[{"href":"https:\/\/villas-du-port-de-la-guittiere.com\/index.php\/wp-json\/wp\/v2\/media?parent=175"}],"curies":[{"name":"wp","href":"https:\/\/api.w.org\/{rel}","templated":true}]}}